{"id":101,"date":"2021-07-08T11:37:13","date_gmt":"2021-07-08T09:37:13","guid":{"rendered":"https:\/\/dev.guenter-ott.de\/?page_id=101"},"modified":"2024-03-06T21:36:06","modified_gmt":"2024-03-06T20:36:06","slug":"karriere","status":"publish","type":"page","link":"https:\/\/guenter-ott.de\/index.php\/karriere\/","title":{"rendered":"Karriere"},"content":{"rendered":"<div id='full_slider_1'  class='avia-fullwidth-slider main_color avia-shadow   avia-builder-el-0  el_before_av_one_full  avia-builder-el-first   container_wrap fullsize'  ><div   data-size='no scaling'  data-lightbox_size='large'  data-animation='fade'  data-conditional_play=''  data-ids='32'  data-video_counter='0'  data-autoplay='true'  data-bg_slider='false'  data-slide_height=''  data-handle='av_slideshow_full'  data-interval='5'  data-class=' '  data-el_id=''  data-css_id=''  data-scroll_down=''  data-control_layout='av-control-default'  data-custom_markup=''  data-perma_caption=''  data-autoplay_stopper=''  data-image_attachment=''  data-min_height='0px'  data-lazy_loading='disabled'  data-src=''  data-position='top left'  data-repeat='no-repeat'  data-attach='scroll'  data-stretch=''  data-img_scrset=''  class='avia-slideshow avia-slideshow-1  av-control-default av-default-height-applied avia-slideshow-no scaling av_slideshow_full   avia-fade-slider '  itemprop=\"image\" itemscope=\"itemscope\" itemtype=\"https:\/\/schema.org\/ImageObject\" ><ul class='avia-slideshow-inner ' style='padding-bottom: 33.9285714286%;' ><li  class=' av-single-slide slide-1 ' ><div data-rel='slideshow-1' class='avia-slide-wrap '   ><div class = \"caption_fullwidth av-slideshow-caption caption_bottom caption_bottom_framed caption_framed\"><div class = \"container caption_container\"><div class = \"slideshow_caption\"><div class = \"slideshow_inner_caption\"><div class = \"slideshow_align_caption\"><h2  class='avia-caption-title  '  itemprop=\"name\" >Durchstarten und Abheben<\/h2><div class='avia-caption-content  '  itemprop=\"description\"  ><p>Deine Chance.<\/p>\n<\/div><\/div><\/div><\/div><\/div><\/div><img decoding=\"async\" class=\"wp-image-32 avia-img-lazy-loading-not-32\"  src=\"https:\/\/guenter-ott.de\/wp-content\/uploads\/2021\/07\/ott-gebaeudereinigung.jpg\" width=\"1680\" height=\"570\" title='Guenter-Ott-Gebaeudereinigung' alt=''  itemprop=\"thumbnailUrl\" srcset=\"https:\/\/guenter-ott.de\/wp-content\/uploads\/2021\/07\/ott-gebaeudereinigung.jpg 1680w, https:\/\/guenter-ott.de\/wp-content\/uploads\/2021\/07\/ott-gebaeudereinigung-300x102.jpg 300w, https:\/\/guenter-ott.de\/wp-content\/uploads\/2021\/07\/ott-gebaeudereinigung-1030x349.jpg 1030w, https:\/\/guenter-ott.de\/wp-content\/uploads\/2021\/07\/ott-gebaeudereinigung-768x261.jpg 768w, https:\/\/guenter-ott.de\/wp-content\/uploads\/2021\/07\/ott-gebaeudereinigung-1536x521.jpg 1536w, https:\/\/guenter-ott.de\/wp-content\/uploads\/2021\/07\/ott-gebaeudereinigung-1500x509.jpg 1500w, https:\/\/guenter-ott.de\/wp-content\/uploads\/2021\/07\/ott-gebaeudereinigung-705x239.jpg 705w\" sizes=\"(max-width: 1680px) 100vw, 1680px\" \/><\/div><\/li><\/ul><\/div><\/div><div id='after_full_slider_1'  class='main_color av_default_container_wrap container_wrap fullsize'  ><div class='container av-section-cont-open' ><div class='template-page content  av-content-full alpha units'><div class='post-entry post-entry-type-page post-entry-101'><div class='entry-content-wrapper clearfix'>\n\n<style type=\"text\/css\" data-created_by=\"avia_inline_auto\" id=\"style-css-av-sttq-bccbeadb5799b9815319335f88e700e6\">\n.flex_column.av-sttq-bccbeadb5799b9815319335f88e700e6{\nborder-radius:0px 0px 0px 0px;\n-webkit-border-radius:0px 0px 0px 0px;\n-moz-border-radius:0px 0px 0px 0px;\n}\n<\/style>\n<div class='flex_column av-sttq-bccbeadb5799b9815319335f88e700e6 av_one_full  avia-builder-el-1  el_after_av_slideshow_full  el_before_av_postcontent  avia-builder-el-no-sibling  first flex_column_div av-zero-column-padding '   ><section  class='av_textblock_section av-kqumkh63-5ce3a14f23b2c8b244508b2112f8c18e '  itemscope=\"itemscope\" itemtype=\"https:\/\/schema.org\/CreativeWork\" ><div class='avia_textblock '  itemprop=\"text\" ><h1>Werden Sie Teil unseres Teams<\/h1>\n<h3>Hier finden Sie unsere aktuellen Stellenangebote:<\/h3>\n<\/div><\/section><\/div>\n[av_two_third first min_height='' vertical_alignment='av-align-top' space='' row_boxshadow_color='' row_boxshadow_width='10' margin='0px' margin_sync='true' mobile_breaking='' mobile_column_order='' min_col_height='' padding='0px' padding_sync='true' svg_div_top='' svg_div_top_color='#333333' svg_div_top_width='100' svg_div_top_height='50' svg_div_top_max_height='none' svg_div_top_opacity='' svg_div_bottom='' svg_div_bottom_color='#333333' svg_div_bottom_width='100' svg_div_bottom_height='50' svg_div_bottom_max_height='none' svg_div_bottom_opacity='' border='' border_style='solid' border_color='' radius='0px' radius_sync='true' column_boxshadow_color='' column_boxshadow_width='10' background='bg_color' background_color='' background_gradient_direction='vertical' background_gradient_color1='' background_gradient_color2='' background_gradient_color3='' src='' attachment='' attachment_size='' background_position='top left' background_repeat='no-repeat' highlight_size='1.1' animation='' link='' linktarget='' link_hover='' title_attr='' alt_attr='' mobile_display='' mobile_col_pos='0' id='' custom_class='' template_class='' aria_label='' av_uid='av-45m33e' sc_version='1.0']\r\n[av_heading heading='Stellenangebot - Reinigungskraft (w\/m\/d)' tag='h3' style='' subheading_active='' show_icon='' icon='ue800' font='entypo-fontello' size='' av-medium-font-size-title='' av-small-font-size-title='' av-mini-font-size-title='' subheading_size='15' av-medium-font-size='' av-small-font-size='' av-mini-font-size='' icon_size='' av-medium-font-size-1='' av-small-font-size-1='' av-mini-font-size-1='' color='custom-color-heading' custom_font='#1c2385' subheading_color='' seperator_color='' icon_color='' margin='' margin_sync='true' padding='10' icon_padding='10' headline_padding='' headline_padding_sync='true' link='manually,http:\/\/' link_target='' id='' custom_class='' template_class='' av_uid='av-414srm' sc_version='1.0' admin_preview_bg=''][\/av_heading]\r\n\r\n[av_textblock size='' av-medium-font-size='' av-small-font-size='' av-mini-font-size='' font_color='' color='' id='' custom_class='' template_class='' av_uid='av-e8l3u' sc_version='1.0' admin_preview_bg='']\r\nF\u00fcr die regelm\u00e4\u00dfige Unterhaltsreinigung verschiedenster Kunden suchen wir Verst\u00e4rkung f\u00fcr unser Team im Rahmen einer Teilzeitbesch\u00e4ftigung oder auf Minijob-Basis:\r\n[\/av_textblock]\r\n\r\n[av_iconlist position='left' iconlist_styling='' custom_title_size='' av-medium-font-size-title='' av-small-font-size-title='' av-mini-font-size-title='' custom_content_size='' av-medium-font-size='' av-small-font-size='' av-mini-font-size='' font_color='' custom_title='' custom_content='' color='custom' custom_font='' custom_bg='#1c2385' custom_border='' gradient_color_direction='vertical' gradient_color_1='#000000' gradient_color_2='#ffffff' gradient_color_3='' border='' border_width='' border_width_sync='true' border_color='' box_shadow='' box_shadow_style='0px,0px,0px,0px' box_shadow_color='' animation='' sonar_effect_effect='' sonar_effect_color='' sonar_effect_duration='1' sonar_effect_scale='' sonar_effect_opac='0.5' alb_description='' id='' custom_class='' template_class='' av_uid='av-d74ca' sc_version='1.0' admin_preview_bg='']\r\n[av_iconlist_item title='Ort: Betzweiler' icon='ue832' font='entypo-fontello' heading_tag='' heading_class='' link='page,133' linktarget='' linkelement='both' av_uid='av-27phve' sc_version='1.0']\r\nArbeitstage: Montag, Mittwoch & Freitag\r\nArbeitszeiten: ab 8 Uhr oder\u00a0 9 Uhr\r\n[\/av_iconlist_item]\r\n[av_iconlist_item title='Ort: Betzweiler' icon='ue832' font='entypo-fontello' heading_tag='' heading_class='' link='page,133' linktarget='' linkelement='both' av_uid='av-27phve' sc_version='1.0']\r\nArbeitstage: Dienstag & Donnerstag\r\nArbeitszeiten: ab 7:30 Uhr\r\n[\/av_iconlist_item]\r\n[av_iconlist_item title='Ort: Betzweiler' icon='ue832' font='entypo-fontello' heading_tag='' heading_class='' link='page,133' linktarget='' linkelement='both' av_uid='av-27phve' sc_version='1.0']\r\nArbeitstage: Samstag\r\nArbeitszeiten: 7 Uhr - 12 Uhr\r\n[\/av_iconlist_item]\r\n[av_iconlist_item title='Ort: Betzweiler' icon='ue832' font='entypo-fontello' heading_tag='' heading_class='' link='page,133' linktarget='' linkelement='both' av_uid='av-27phve' sc_version='1.0']\r\nArbeitstage: Donnerstag und Freitag\r\nArbeitszeiten: ab 16 Uhr\r\n[\/av_iconlist_item]\r\n[av_iconlist_item title='Ort: Eutingen im G\u00e4u' icon='ue832' font='entypo-fontello' heading_tag='' heading_class='' link='page,133' linktarget='' linkelement='both' av_uid='av-27phve' sc_version='1.0']\r\nArbeitstage: Dienstag + Freitag\r\nArbeitszeiten: ab 17:30 Uhr\r\n[\/av_iconlist_item]\r\n[av_iconlist_item title='Ort: Ergenzingen' icon='ue832' font='entypo-fontello' heading_tag='' heading_class='' link='page,133' linktarget='' linkelement='both' av_uid='av-27phve' sc_version='1.0']\r\nArbeitstage: 2-3x w\u00f6chentlich\r\nArbeitszeiten: ab 17 Uhr bzw. 18 Uhr\r\n[\/av_iconlist_item]\r\n[av_iconlist_item title='Ort: Hallwangen' icon='ue832' font='entypo-fontello' heading_tag='' heading_class='' link='page,133' linktarget='' linkelement='both' av_uid='av-2v66tm' sc_version='1.0']\r\nArbeitstage: Freitag\r\nArbeitszeiten: ab 16 Uhr\r\n[\/av_iconlist_item]\r\n[av_iconlist_item title='Ort: Herrenberg' icon='ue832' font='entypo-fontello' heading_tag='' heading_class='' link='page,133' linktarget='' linkelement='both' av_uid='av-27phve' sc_version='1.0']\r\nArbeitstage: 2-3x w\u00f6chentlich\r\nArbeitszeiten: 15:30 Uhr f\u00fcr 3,0 Std.\r\n[\/av_iconlist_item]\r\n[av_iconlist_item title='Ort: Horb' icon='ue832' font='entypo-fontello' heading_tag='' heading_class='' link='page,133' linktarget='' linkelement='both' av_uid='av-2f4jaq' sc_version='1.0']\r\nArbeitszeit Teilzeit: Montag bis Freitag 3-4x w\u00f6chentlich ab 6 Uhr oder\r\n\r\nArbeitszeit Teilzeit: 2-3x w\u00f6ch. feste Zeiten zwischen 7 Uhr und 20 Uhr oder\r\n\r\nArbeitszeit: 2-3x w\u00f6chentlich ab 16 Uhr oder 17 Uhr oder ab 21 Uhr\r\n[\/av_iconlist_item]\r\n[av_iconlist_item title='Ort: Horb am Neckar nur Wochenende' icon='ue832' font='entypo-fontello' heading_tag='' heading_class='' link='page,133' linktarget='' linkelement='both' av_uid='av-27phve' sc_version='1.0']\r\nArbeitstage: Samstag\/Sonntag\r\nArbeitszeiten: feste Zeiten zwischen 8 Uhr und 20 Uhr\r\n[\/av_iconlist_item]\r\n[av_iconlist_item title='Ort: Horb am Neckar ab 21 Uhr!' icon='ue832' font='entypo-fontello' heading_tag='' heading_class='' link='page,133' linktarget='' linkelement='both' av_uid='av-27phve' sc_version='1.0']\r\nArbeitstage: 2-3x w\u00f6chentlich\r\nArbeitszeiten: 1,5 Std. ab 21 Uhr\r\n[\/av_iconlist_item]\r\n[av_iconlist_item title='Ort: Horb-Industriegebiet' icon='ue832' font='entypo-fontello' heading_tag='' heading_class='' link='page,133' linktarget='' linkelement='both' av_uid='av-27phve' sc_version='1.0']\r\nArbeitstage: Dienstag und Donnerstag\r\nArbeitszeiten: ab 16 Uhr\r\n[\/av_iconlist_item]\r\n[av_iconlist_item title='Ort: Horb-Altheim' icon='ue832' font='entypo-fontello' heading_tag='' heading_class='' link='page,133' linktarget='' linkelement='both' av_uid='av-27phve' sc_version='1.0']\r\nArbeitstage: Mittwoch und Samstag\r\nArbeitszeiten: Mittwoch ab 19 Uhr \/ Samstag ab 7 Uhr\r\n[\/av_iconlist_item]\r\n[av_iconlist_item title='Ort: Horb-Altheim' icon='ue832' font='entypo-fontello' heading_tag='' heading_class='' link='page,133' linktarget='' linkelement='both' av_uid='av-27phve' sc_version='1.0']\r\nArbeitstage: 2x w\u00f6chentlich\r\nArbeitszeiten: ab 13 Uhr\r\n[\/av_iconlist_item]\r\n[av_iconlist_item title='Ort: Horb-Dettingen' icon='ue832' font='entypo-fontello' heading_tag='' heading_class='' link='page,133' linktarget='' linkelement='both' av_uid='av-27phve' sc_version='1.0']\r\nArbeitstage: Dienstag\r\nArbeitszeiten: ab 17\r\n[\/av_iconlist_item]\r\n[av_iconlist_item title='Ort: Horb-Talheim' icon='ue832' font='entypo-fontello' heading_tag='' heading_class='' link='page,133' linktarget='' linkelement='both' av_uid='av-27phve' sc_version='1.0']\r\nArbeitstage: 2-3x w\u00f6chentlich\r\nArbeitszeiten: ab 16 Uhr und ab 16:30 Uhr\r\n[\/av_iconlist_item]\r\n[av_iconlist_item title='Ort: Jettingen' icon='ue832' font='entypo-fontello' heading_tag='' heading_class='' link='page,133' linktarget='' linkelement='both' av_uid='av-27phve' sc_version='1.0']\r\nArbeitstage: 2-3x w\u00f6chentlich\r\nArbeitszeiten: ab 17 Uhr\r\n[\/av_iconlist_item]\r\n[av_iconlist_item title='Ort: Lo\u00dfburg' icon='ue832' font='entypo-fontello' heading_tag='' heading_class='' link='page,133' linktarget='' linkelement='both' av_uid='av-27phve' sc_version='1.0']\r\nArbeitstage: 2-3x w\u00f6chentlich\r\nArbeitszeiten: ab 16 Uhr bzw. 17 Uhr\r\n[\/av_iconlist_item]\r\n[av_iconlist_item title='Ort: Lo\u00dfburg' icon='ue832' font='entypo-fontello' heading_tag='' heading_class='' link='page,133' linktarget='' linkelement='both' av_uid='av-3a2ov6' sc_version='1.0']\r\nArbeitstage: Montag - Freitag\r\nArbeitszeiten: t\u00e4glich 7 Uhr - 11:30 Uhr und 2x w\u00f6chentlich um 16Uhr\r\n[\/av_iconlist_item]\r\n[av_iconlist_item title='Ort: L\u00fctzenhardt' icon='ue832' font='entypo-fontello' heading_tag='' heading_class='' link='page,133' linktarget='' linkelement='both' av_uid='av-27phve' sc_version='1.0']\r\nArbeitstage: 2-3x w\u00f6chentlich\r\nArbeitszeiten: ab 16 Uhr und ab 16:30 Uhr\r\n[\/av_iconlist_item]\r\n[av_iconlist_item title='Ort: Nagold' icon='ue832' font='entypo-fontello' heading_tag='' heading_class='' link='page,133' linktarget='' linkelement='both' av_uid='av-3j970i' sc_version='1.0']\r\nArbeitstage: 2-3x w\u00f6chentlich\r\nArbeitszeiten: ab 17 Uhr bzw 18:00 Uhr\r\n[\/av_iconlist_item]\r\n[av_iconlist_item title='Ort: Salzstetten' icon='ue832' font='entypo-fontello' heading_tag='' heading_class='' link='page,133' linktarget='' linkelement='both' av_uid='av-2mdzc2' sc_version='1.0']\r\nArbeitstage: Montag, Mittwoch, Freitag\r\nArbeitszeiten: ab 16 Uhr\r\n[\/av_iconlist_item]\r\n[av_iconlist_item title='Ort: Sulz-Kastell' icon='ue832' font='entypo-fontello' heading_tag='' heading_class='' link='page,133' linktarget='' linkelement='both' av_uid='av-3c566y' sc_version='1.0']\r\nArbeitstage: Mittwoch oder Freitag\r\nArbeitszeiten: flexibel zwischen 7:30 Uhr und 14 Uhr f\u00fcr 2,75 Std.\r\n[\/av_iconlist_item]\r\n[av_iconlist_item title='Ort: Sulz-Kirchberg' icon='ue832' font='entypo-fontello' heading_tag='' heading_class='' link='page,133' linktarget='' linkelement='both' av_uid='av-27phve' sc_version='1.0']\r\nArbeitstage: Montag\r\nArbeitszeiten: 6 Uhr bis 8 Uhr bzw. 10 Uhr\r\n[\/av_iconlist_item]\r\n[av_iconlist_item title='Ort: Waldachtal' icon='ue832' font='entypo-fontello' heading_tag='' heading_class='' link='page,133' linktarget='' linkelement='both' av_uid='av-2pzjoq' sc_version='1.0']\r\nArbeitstage: Montag - Freitag\r\nArbeitszeiten: 4-5 x w\u00f6chentlich ab 5 Uhr oder 7 Uhr und 2-3 x w\u00f6chentlich um 16:30 Uhr\r\n[\/av_iconlist_item]\r\n[av_iconlist_item title='Ort: Waldachtal' icon='ue832' font='entypo-fontello' heading_tag='' heading_class='' link='page,133' linktarget='' linkelement='both' av_uid='av-27phve' sc_version='1.0']\r\nArbeitstage: 2-3x w\u00f6chentlich\r\nArbeitszeiten: ab 17 Uhr bzw. 18 Uhr\r\n[\/av_iconlist_item]\r\n[\/av_iconlist]\r\n[\/av_two_third]\r\n\r\n[av_one_third min_height='' vertical_alignment='' space='' custom_margin='' margin='0px' row_boxshadow='' row_boxshadow_color='' row_boxshadow_width='10' link='' linktarget='' link_hover='' title_attr='' alt_attr='' padding='0px' highlight='' highlight_size='' border='' border_color='' radius='0px' column_boxshadow='' column_boxshadow_color='' column_boxshadow_width='10' background='bg_color' background_color='' background_gradient_color1='' background_gradient_color2='' background_gradient_direction='vertical' src='' background_position='top left' background_repeat='no-repeat' animation='' mobile_breaking='' mobile_display='' av_uid='av-21ccn6']\r\n[av_textblock size='' av-medium-font-size='' av-small-font-size='' av-mini-font-size='' font_color='' color='' id='' custom_class='' template_class='' av_uid='av-1xfu02' sc_version='1.0' admin_preview_bg='']\r\n<h4>Wir freuen uns auf Ihren Anruf!<\/h4>\r\nMontag bis Freitag 8 Uhr bis 17Uhr\r\n\r\nG\u00fcnter Ott\r\nIhre Geb\u00e4udereinigung e.K.\r\n\r\nBerg\u00e4ckerstra\u00dfe 34\r\n72160 Horb-Talheim\r\nTelefon: 07486 \/ 9867 - 0\r\nTelefax: 07486 \/ 9867 - 29\r\nE-mail: <a href=\"mailto:bewerbung@guenter-ott.de\">bewerbung@guenter-ott.de<\/a>\r\n\r\n<a href=\"https:\/\/guenter-ott.de\/wp-content\/uploads\/2021\/07\/Datenschutzhinweise-fuer-Bewerber.pdf\" target=\"_blank\" rel=\"noopener\">Datenschutzhinweise f\u00fcr Bewerber<\/a>\r\n[\/av_textblock]\r\n\r\n[av_button label='Online bewerben' link='page,133' link_target='' size='large' position='left' label_display='' title_attr='' icon_select='yes' icon='ue85c' font='entypo-fontello' color='theme-color' custom_bg='#444444' custom_font='#ffffff' av_uid='av-1px99e' id='' custom_class='' admin_preview_bg='']\r\n[\/av_one_third]\r\n\r\n[av_two_third first min_height='' vertical_alignment='' space='' custom_margin='' margin='0px' row_boxshadow='' row_boxshadow_color='' row_boxshadow_width='10' link='' linktarget='' link_hover='' title_attr='' alt_attr='' padding='0px' highlight='' highlight_size='' border='' border_color='' radius='0px' column_boxshadow='' column_boxshadow_color='' column_boxshadow_width='10' background='bg_color' background_color='' background_gradient_color1='' background_gradient_color2='' background_gradient_direction='vertical' src='' background_position='top left' background_repeat='no-repeat' animation='' mobile_breaking='' mobile_display='' av_uid='av-1kxlo2']\r\n\r\n[av_heading heading='Stellenangebot \u2013 Auftrags- und Personalsachbearbeitung (w\/m\/d)' tag='h3' style='' subheading_active='' show_icon='' icon='ue800' font='entypo-fontello' size='' av-medium-font-size-title='' av-small-font-size-title='' av-mini-font-size-title='' subheading_size='15' av-medium-font-size='' av-small-font-size='' av-mini-font-size='' icon_size='' av-medium-font-size-1='' av-small-font-size-1='' av-mini-font-size-1='' color='custom-color-heading' custom_font='#1c2385' subheading_color='' seperator_color='' icon_color='' margin='' margin_sync='true' padding='10' icon_padding='10' headline_padding='' headline_padding_sync='true' link='manually,http:\/\/' link_target='' id='' custom_class='' template_class='' av_uid='av-1h2h6i' sc_version='1.0' admin_preview_bg=''][\/av_heading]\r\n\r\n[av_iconlist position='left' iconlist_styling='' custom_title_size='' av-medium-font-size-title='' av-small-font-size-title='' av-mini-font-size-title='' custom_content_size='' av-medium-font-size='' av-small-font-size='' av-mini-font-size='' font_color='' custom_title='' custom_content='' color='custom' custom_font='' custom_bg='#1c2385' custom_border='' gradient_color_direction='vertical' gradient_color_1='#000000' gradient_color_2='#ffffff' gradient_color_3='' border='' border_width='' border_width_sync='true' border_color='' box_shadow='' box_shadow_style='0px,0px,0px,0px' box_shadow_color='' animation='' sonar_effect_effect='' sonar_effect_color='' sonar_effect_duration='1' sonar_effect_scale='' sonar_effect_opac='0.5' alb_description='' id='' custom_class='' template_class='' av_uid='av-17hyei' sc_version='1.0' admin_preview_bg='']\r\n[av_iconlist_item title='Auftragssachbearbeitung f\u00fcr Glas-\/Sonderreinigungsteam' icon='ue832' font='entypo-fontello' heading_tag='' heading_class='' link='page,133' linktarget='' linkelement='both' av_uid='av-15kg36' sc_version='1.0']\r\nF\u00fcr unser Verwaltungs-Team suchen wir eine Auftragssachbearbeiterin (w\/m\/d) zur Abwicklung der Auftr\u00e4ge in der Glas- \/Sonderreinigung in Vollzeit.\r\n\r\n<strong>Das Aufgabengebiet umfasst haupts\u00e4chlich<\/strong>\r\n<ul>\r\n \t<li>die Auftragssachbearbeitung der Glas- und Sonderreinigungsauftr\u00e4ge (Angebot, Terminierung, Planung und Fakturierung) mit unserer Branchensoftware<\/li>\r\n \t<li>Absprachen und Organisation mit Kunden<\/li>\r\n \t<li>sowie allgemeine B\u00fcroarbeiten in Word &amp; Excel<\/li>\r\n<\/ul>\r\nSie haben eine abgeschlossene Berufsausbildung im kaufm\u00e4nnischen Bereich und arbeiten gerne im Team?\r\nSie haben fundierte Kenntnisse in den Microsoft Office Programmen?\r\n\r\n<strong>Als Teil unseres Teams genie\u00dfen Sie eine Vielzahl an Vorteilen:<\/strong>\r\n<ul>\r\n \t<li>Kostenlose Hei\u00df- und Kaltgetr\u00e4nke<\/li>\r\n \t<li>Betriebliches Gesundheitsmanagement<\/li>\r\n \t<li>Arbeitgeber finanzierte Zusatzkrankenversicherung<\/li>\r\n \t<li>Betriebsfeiern zu verschiedenen Anl\u00e4ssen<\/li>\r\n<\/ul>\r\nWir freuen uns auf Ihre schriftliche Bewerbung!\r\n[\/av_iconlist_item]\r\n\r\n\r\n[\/av_iconlist]\r\n\r\n[\/av_two_third][av_two_third first min_height='' vertical_alignment='' space='' custom_margin='' margin='0px' row_boxshadow='' row_boxshadow_color='' row_boxshadow_width='10' link='' linktarget='' link_hover='' title_attr='' alt_attr='' padding='0px' highlight='' highlight_size='' border='' border_color='' radius='0px' column_boxshadow='' column_boxshadow_color='' column_boxshadow_width='10' background='bg_color' background_color='' background_gradient_color1='' background_gradient_color2='' background_gradient_direction='vertical' src='' background_position='top left' background_repeat='no-repeat' animation='' mobile_breaking='' mobile_display='' av_uid='av-q2yn6']\r\n[av_heading heading='Stellenangebot \u2013 Objektleitung (w\/m\/d)' tag='h3' style='' subheading_active='' show_icon='' icon='ue800' font='entypo-fontello' size='' av-medium-font-size-title='' av-small-font-size-title='' av-mini-font-size-title='' subheading_size='15' av-medium-font-size='' av-small-font-size='' av-mini-font-size='' icon_size='' av-medium-font-size-1='' av-small-font-size-1='' av-mini-font-size-1='' color='custom-color-heading' custom_font='#1c2385' icon_color='' margin='' margin_sync='true' padding='10' icon_padding='10' link='manually,http:\/\/' link_target='' id='' custom_class='' template_class='' av_uid='av-kfu56' sc_version='1.0' admin_preview_bg=''][\/av_heading]\r\n\r\n[av_iconlist position='left' iconlist_styling='' custom_title_size='' av-medium-font-size-title='' av-small-font-size-title='' av-mini-font-size-title='' custom_content_size='' av-medium-font-size='' av-small-font-size='' av-mini-font-size='' font_color='' custom_title='' custom_content='' color='custom' custom_bg='#1c2385' custom_font='' custom_border='' animation='' alb_description='' id='' custom_class='' template_class='' av_uid='av-f5ldm' sc_version='1.0' admin_preview_bg='']\r\n[av_iconlist_item title='Sie sind flexibel und haben eine Menge Spa\u00df am Organisieren?' icon='ue832' font='entypo-fontello' heading_tag='' heading_class='' link='page,133' linktarget='' linkelement='both' av_uid='av-acmiy' sc_version='1.0']\r\nSie haben bereits Berufserfahrung oder wollen die Herausforderung als \"Quereinsteiger\" annehmen? Dann bewerben Sie sich schriftlich oder per E-Mail und werden Teil des Objektleiter-Teams! Wir unterst\u00fctzen Sie durch interne Schulungen und externe Weiterbildungen.\r\n[\/av_iconlist_item]\r\n\r\n\r\n[\/av_iconlist]\r\n[\/av_two_third]\r\n\r\n[av_two_third first min_height='' vertical_alignment='' space='' custom_margin='' margin='0px' row_boxshadow='' row_boxshadow_color='' row_boxshadow_width='10' link='' linktarget='' link_hover='' title_attr='' alt_attr='' padding='0px' highlight='' highlight_size='' border='' border_color='' radius='0px' column_boxshadow='' column_boxshadow_color='' column_boxshadow_width='10' background='bg_color' background_color='' background_gradient_color1='' background_gradient_color2='' background_gradient_direction='vertical' src='' background_position='top left' background_repeat='no-repeat' animation='' mobile_breaking='' mobile_display='' av_uid='av-f0sje']\r\n[av_heading heading='Stellenangebot \u2013 Geb\u00e4udereiniger (w\/m\/d) mit\/ohne Erfahrung' tag='h3' style='' subheading_active='' show_icon='' icon='ue800' font='entypo-fontello' size='' av-medium-font-size-title='' av-small-font-size-title='' av-mini-font-size-title='' subheading_size='15' av-medium-font-size='' av-small-font-size='' av-mini-font-size='' icon_size='' av-medium-font-size-1='' av-small-font-size-1='' av-mini-font-size-1='' color='custom-color-heading' custom_font='#1c2385' subheading_color='' seperator_color='' icon_color='' margin='' margin_sync='true' padding='10' icon_padding='10' headline_padding='' headline_padding_sync='true' link='manually,http:\/\/' link_target='' id='' custom_class='' template_class='' av_uid='av-l3y08i5q' sc_version='1.0' admin_preview_bg=''][\/av_heading]\r\n\r\n[av_iconlist position='left' iconlist_styling='' custom_title_size='' av-medium-font-size-title='' av-small-font-size-title='' av-mini-font-size-title='' custom_content_size='' av-medium-font-size='' av-small-font-size='' av-mini-font-size='' font_color='' custom_title='' custom_content='' color='custom' custom_font='' custom_bg='#1c2385' custom_border='' gradient_color_direction='vertical' gradient_color_1='#000000' gradient_color_2='#ffffff' gradient_color_3='' border='' border_width='' border_width_sync='true' border_color='' box_shadow='' box_shadow_style='0px,0px,0px,0px' box_shadow_color='' animation='' sonar_effect_effect='' sonar_effect_color='' sonar_effect_duration='1' sonar_effect_scale='' sonar_effect_opac='0.5' alb_description='' id='' custom_class='' template_class='' av_uid='av-l3y0cenh' sc_version='1.0' admin_preview_bg='']\r\n[av_iconlist_item title='Sie w\u00fcnschen sich einen abwechslungsreichen Arbeitstag?' icon='ue832' font='entypo-fontello' heading_tag='' heading_class='' link='page,133' linktarget='' linkelement='both' av_uid='av-l3y0c8p6' sc_version='1.0']\r\nSie haben bereits Berufserfahrung oder wollen die Herausforderung als \"Quereinsteiger\" annehmen? Dann bewerben Sie online und werden Teil unseres Teams! Wir unterst\u00fctzen Sie durch interne Schulungen und externe Weiterbildungen.\r\n[\/av_iconlist_item]\r\n\r\n\r\n[\/av_iconlist]\r\n[\/av_two_third]\r\n\r\n[av_two_third first min_height='' vertical_alignment='' space='' custom_margin='' margin='0px' row_boxshadow='' row_boxshadow_color='' row_boxshadow_width='10' link='' linktarget='' link_hover='' title_attr='' alt_attr='' padding='0px' highlight='' highlight_size='' border='' border_color='' radius='0px' column_boxshadow='' column_boxshadow_color='' column_boxshadow_width='10' background='bg_color' background_color='' background_gradient_color1='' background_gradient_color2='' background_gradient_direction='vertical' src='' background_position='top left' background_repeat='no-repeat' animation='' mobile_breaking='' mobile_display='' av_uid='av-a7ivu']\r\n[av_heading heading='Stellenangebot \u2013 Glasreiniger (w\/m\/d) mit\/ohne Erfahrung' tag='h3' style='' subheading_active='' show_icon='' icon='ue800' font='entypo-fontello' size='' av-medium-font-size-title='' av-small-font-size-title='' av-mini-font-size-title='' subheading_size='15' av-medium-font-size='' av-small-font-size='' av-mini-font-size='' icon_size='' av-medium-font-size-1='' av-small-font-size-1='' av-mini-font-size-1='' color='custom-color-heading' custom_font='#1c2385' subheading_color='' seperator_color='' icon_color='' margin='' margin_sync='true' padding='10' icon_padding='10' headline_padding='' headline_padding_sync='true' link='manually,http:\/\/' link_target='' id='' custom_class='' template_class='' av_uid='av-l3y0dmd4' sc_version='1.0' admin_preview_bg=''][\/av_heading]\r\n\r\n[av_iconlist position='left' iconlist_styling='' custom_title_size='' av-medium-font-size-title='' av-small-font-size-title='' av-mini-font-size-title='' custom_content_size='' av-medium-font-size='' av-small-font-size='' av-mini-font-size='' font_color='' custom_title='' custom_content='' color='custom' custom_font='' custom_bg='#1c2385' custom_border='' gradient_color_direction='vertical' gradient_color_1='#000000' gradient_color_2='#ffffff' gradient_color_3='' border='' border_width='' border_width_sync='true' border_color='' box_shadow='' box_shadow_style='0px,0px,0px,0px' box_shadow_color='' animation='' sonar_effect_effect='' sonar_effect_color='' sonar_effect_duration='1' sonar_effect_scale='' sonar_effect_opac='0.5' alb_description='' id='' custom_class='' template_class='' av_uid='av-l3y0fgdq' sc_version='1.0' admin_preview_bg='']\r\n[av_iconlist_item title='Sie wollen \"hoch hinaus\"?' icon='ue832' font='entypo-fontello' heading_tag='' heading_class='' link='page,133' linktarget='' linkelement='both' av_uid='av-l3y0fda4' sc_version='1.0']\r\nSie haben bereits Berufserfahrung oder wollen die Herausforderung als \"Quereinsteiger\" annehmen? Dann bewerben Sie online und werden Teil unseres Glasreiniger-Teams!\r\n[\/av_iconlist_item]\r\n\r\n\r\n[\/av_iconlist]\r\n[\/av_two_third]\r\n\r\n[av_two_third first min_height='' vertical_alignment='' space='' custom_margin='' margin='0px' row_boxshadow='' row_boxshadow_color='' row_boxshadow_width='10' link='' linktarget='' link_hover='' title_attr='' alt_attr='' padding='0px' highlight='' highlight_size='' border='' border_color='' radius='0px' column_boxshadow='' column_boxshadow_color='' column_boxshadow_width='10' background='bg_color' background_color='' background_gradient_color1='' background_gradient_color2='' background_gradient_direction='vertical' src='' background_position='top left' background_repeat='no-repeat' animation='' mobile_breaking='' mobile_display='' av_uid='av-vtu6a']\r\n[av_heading heading='Ausbildungsplatz' tag='h3' style='' subheading_active='' show_icon='' icon='ue800' font='entypo-fontello' size='' av-medium-font-size-title='' av-small-font-size-title='' av-mini-font-size-title='' subheading_size='15' av-medium-font-size='' av-small-font-size='' av-mini-font-size='' icon_size='' av-medium-font-size-1='' av-small-font-size-1='' av-mini-font-size-1='' color='custom-color-heading' custom_font='#1c2385' subheading_color='' seperator_color='' icon_color='' margin='' margin_sync='true' padding='10' icon_padding='10' headline_padding='' headline_padding_sync='true' link='manually,http:\/\/' link_target='' id='' custom_class='' template_class='' av_uid='av-r4kt6' sc_version='1.0' admin_preview_bg=''][\/av_heading]\r\n\r\n[av_iconlist position='left' iconlist_styling='' custom_title_size='' av-medium-font-size-title='' av-small-font-size-title='' av-mini-font-size-title='' custom_content_size='' av-medium-font-size='' av-small-font-size='' av-mini-font-size='' font_color='' custom_title='' custom_content='' color='custom' custom_font='' custom_bg='#1c2385' custom_border='' gradient_color_direction='vertical' gradient_color_1='#000000' gradient_color_2='#ffffff' gradient_color_3='' border='' border_width='' border_width_sync='true' border_color='' box_shadow='' box_shadow_style='0px,0px,0px,0px' box_shadow_color='' animation='' sonar_effect_effect='' sonar_effect_color='' sonar_effect_duration='1' sonar_effect_scale='' sonar_effect_opac='0.5' alb_description='' id='' custom_class='' template_class='' av_uid='av-jpo0i' sc_version='1.0' admin_preview_bg='']\r\n[av_iconlist_item title='Ausbildungsplatz zum Geb\u00e4udereiniger (w\/m\/d)' icon='ue832' font='entypo-fontello' heading_tag='' heading_class='' link='page,133' linktarget='' linkelement='both' av_uid='av-fi8mi' sc_version='1.0']\r\nIm Geb\u00e4udereiniger-Handwerk wird es nie langweilig. Moderne Reinigungstechnik, Ger\u00e4te, Maschinen und ein gro\u00dfer Fuhrpark helfen Dir bei deinen t\u00e4glichen Aufgaben. Hole Dir die aktuellen Informationen \u00fcber den Ausbildungsberuf unter <a href=\"https:\/\/www.reinindiezukunft.de\" target=\"_blank\" rel=\"noopener\">www.reinindiezukunft.de<\/a> und bewerbe Dich schriftlich oder per E-Mail.\r\n[\/av_iconlist_item]\r\n[av_iconlist_item title='Ausbildungsplatz zur Kauffrau f\u00fcr B\u00fcromanagement (w\/m\/d)' heading_tag='' heading_class='' link='page,133' linktarget='' linkelement='both' icon='ue832' font='entypo-fontello' av_uid='av-7hqtm' sc_version='1.0']\r\nDu hast Spa\u00df an vielen verschiedenen kaufm\u00e4nnischen T\u00e4tigkeiten? Arbeitest sorgf\u00e4ltig und hast ein hohes Verantwortungsbewusstsein? Dann bewerbe Dich schriftlich oder per E-Mail in unserem Familienunternehmen und werde Teil unseres Teams.\r\n[\/av_iconlist_item]\r\n[\/av_iconlist]\r\n[\/av_two_third]\r\n\r\n\n","protected":false},"excerpt":{"rendered":"","protected":false},"author":1,"featured_media":0,"parent":0,"menu_order":0,"comment_status":"closed","ping_status":"closed","template":"","meta":{"footnotes":""},"class_list":["post-101","page","type-page","status-publish","hentry"],"_links":{"self":[{"href":"https:\/\/guenter-ott.de\/index.php\/wp-json\/wp\/v2\/pages\/101","targetHints":{"allow":["GET"]}}],"collection":[{"href":"https:\/\/guenter-ott.de\/index.php\/wp-json\/wp\/v2\/pages"}],"about":[{"href":"https:\/\/guenter-ott.de\/index.php\/wp-json\/wp\/v2\/types\/page"}],"author":[{"embeddable":true,"href":"https:\/\/guenter-ott.de\/index.php\/wp-json\/wp\/v2\/users\/1"}],"replies":[{"embeddable":true,"href":"https:\/\/guenter-ott.de\/index.php\/wp-json\/wp\/v2\/comments?post=101"}],"version-history":[{"count":17,"href":"https:\/\/guenter-ott.de\/index.php\/wp-json\/wp\/v2\/pages\/101\/revisions"}],"predecessor-version":[{"id":487,"href":"https:\/\/guenter-ott.de\/index.php\/wp-json\/wp\/v2\/pages\/101\/revisions\/487"}],"wp:attachment":[{"href":"https:\/\/guenter-ott.de\/index.php\/wp-json\/wp\/v2\/media?parent=101"}],"curies":[{"name":"wp","href":"https:\/\/api.w.org\/{rel}","templated":true}]}}