{"id":31,"date":"2021-07-08T10:32:49","date_gmt":"2021-07-08T08:32:49","guid":{"rendered":"https:\/\/dev.guenter-ott.de\/?page_id=31"},"modified":"2024-04-05T08:48:02","modified_gmt":"2024-04-05T06:48:02","slug":"datenschutz","status":"publish","type":"page","link":"https:\/\/guenter-ott.de\/index.php\/datenschutz\/","title":{"rendered":"Datenschutz"},"content":{"rendered":"<div id='full_slider_1'  class='avia-fullwidth-slider main_color avia-shadow   avia-builder-el-0  el_before_av_one_full  avia-builder-el-first   container_wrap fullsize'  ><div   data-size='no scaling'  data-lightbox_size='large'  data-animation='fade'  data-conditional_play=''  data-ids='32'  data-video_counter='0'  data-autoplay='true'  data-bg_slider='false'  data-slide_height=''  data-handle='av_slideshow_full'  data-interval='5'  data-class=' '  data-el_id=''  data-css_id=''  data-scroll_down=''  data-control_layout='av-control-default'  data-custom_markup=''  data-perma_caption=''  data-autoplay_stopper=''  data-image_attachment=''  data-min_height='0px'  data-lazy_loading='disabled'  data-src=''  data-position='top left'  data-repeat='no-repeat'  data-attach='scroll'  data-stretch=''  data-img_scrset=''  class='avia-slideshow avia-slideshow-1  av-control-default av-default-height-applied avia-slideshow-no scaling av_slideshow_full   avia-fade-slider '  itemprop=\"image\" itemscope=\"itemscope\" itemtype=\"https:\/\/schema.org\/ImageObject\" ><ul class='avia-slideshow-inner ' style='padding-bottom: 33.9285714286%;' ><li  class=' av-single-slide slide-1 ' ><div data-rel='slideshow-1' class='avia-slide-wrap '   ><div class = \"caption_fullwidth av-slideshow-caption caption_bottom caption_bottom_framed caption_framed\"><div class = \"container caption_container\"><div class = \"slideshow_caption\"><div class = \"slideshow_inner_caption\"><div class = \"slideshow_align_caption\"><h2  class='avia-caption-title  '  itemprop=\"name\" >Impressum &amp; Datenschutz<\/h2><\/div><\/div><\/div><\/div><\/div><img decoding=\"async\" class=\"wp-image-32 avia-img-lazy-loading-not-32\"  src=\"https:\/\/guenter-ott.de\/wp-content\/uploads\/2021\/07\/ott-gebaeudereinigung.jpg\" width=\"1680\" height=\"570\" title='Guenter-Ott-Gebaeudereinigung' alt=''  itemprop=\"thumbnailUrl\" srcset=\"https:\/\/guenter-ott.de\/wp-content\/uploads\/2021\/07\/ott-gebaeudereinigung.jpg 1680w, https:\/\/guenter-ott.de\/wp-content\/uploads\/2021\/07\/ott-gebaeudereinigung-300x102.jpg 300w, https:\/\/guenter-ott.de\/wp-content\/uploads\/2021\/07\/ott-gebaeudereinigung-1030x349.jpg 1030w, https:\/\/guenter-ott.de\/wp-content\/uploads\/2021\/07\/ott-gebaeudereinigung-768x261.jpg 768w, https:\/\/guenter-ott.de\/wp-content\/uploads\/2021\/07\/ott-gebaeudereinigung-1536x521.jpg 1536w, https:\/\/guenter-ott.de\/wp-content\/uploads\/2021\/07\/ott-gebaeudereinigung-1500x509.jpg 1500w, https:\/\/guenter-ott.de\/wp-content\/uploads\/2021\/07\/ott-gebaeudereinigung-705x239.jpg 705w\" sizes=\"(max-width: 1680px) 100vw, 1680px\" \/><\/div><\/li><\/ul><\/div><\/div><div id='after_full_slider_1'  class='main_color av_default_container_wrap container_wrap fullsize'  ><div class='container av-section-cont-open' ><div class='template-page content  av-content-full alpha units'><div class='post-entry post-entry-type-page post-entry-31'><div class='entry-content-wrapper clearfix'>\n\n<style type=\"text\/css\" data-created_by=\"avia_inline_auto\" id=\"style-css-av-sttq-bccbeadb5799b9815319335f88e700e6\">\n.flex_column.av-sttq-bccbeadb5799b9815319335f88e700e6{\nborder-radius:0px 0px 0px 0px;\n-webkit-border-radius:0px 0px 0px 0px;\n-moz-border-radius:0px 0px 0px 0px;\n}\n<\/style>\n<div class='flex_column av-sttq-bccbeadb5799b9815319335f88e700e6 av_one_full  avia-builder-el-1  el_after_av_slideshow_full  avia-builder-el-no-sibling  first flex_column_div av-zero-column-padding '   ><section  class='av_textblock_section av-kqumkh63-6e887ae2ae0ddbc3161b12b2911dce5d '  itemscope=\"itemscope\" itemtype=\"https:\/\/schema.org\/CreativeWork\" ><div class='avia_textblock '  itemprop=\"text\" ><h1>Impressum \/ Datenschutz<\/h1>\n<p><strong>G\u00fcnter Ott<\/strong><br \/>\n<strong>Ihre Geb\u00e4udereinigung e.K.<\/strong><br \/>\nBerg\u00e4ckerstra\u00dfe 34<br \/>\n72160 Horb-Talheim<br \/>\nTelefon: 07486 \/ 9867 &#8211; 0<br \/>\nTelefax: 07486 \/ 9867 &#8211; 29<br \/>\ne-mail: <a href=\"mailto:kontakt@guenter-ott.de\">kontakt@guenter-ott.de<\/a><\/p>\n<p>Umsatzindentifikationsnummer gem. \u00a7 27 a UstG: DE 225471479<br \/>\nRegistergericht: Amtsgericht Horb am Neckar<br \/>\nRegisternummer: HRA 440 597<\/p>\n<p>Inhaber: Thomas Ott<br \/>\nInhaltlich verantwortlich: Thomas Ott<br \/>\nWebdesign und Umsetzung: <a href=\"http:\/\/www.highpeak-design.de\" target=\"_blank\" rel=\"noopener\">www.highpeak-design.de<\/a><br \/>\nBilder: &#8218;G\u00dcNTER OTT &#8211; Ihre Geb\u00e4udereinigung e. K.&#8216; und &#8218;die-creativ-partner&#8216;<\/p>\n<h3>Verbraucherstreitbeilegungsgesetz<\/h3>\n<p>G\u00fcnter Ott &#8211; Ihre Geb\u00e4udereinigung e.K. beteiligt sich nicht an Verbraucherschlichtungsverfahren<br \/>\nnach dem Verbraucherstreitbeilegungsgesetz.<\/p>\n<h3>Der Inhalt dieser Seiten ist urheberrechtlich gesch\u00fctzt.<\/h3>\n<p>Desweiteren darf der Inhalt weder zu kommerziellen, noch zu nicht kommerziellen Zwecken kopiert, verbreitet, ver\u00e4ndert oder Dritten zug\u00e4nglich gemacht werden.<\/p>\n<h3>Haftungsausschluss<\/h3>\n<p>Der Inhalt dieser Seiten wurde sorgf\u00e4ltig bearbeitet und \u00fcberpr\u00fcft.<br \/>\nDie G\u00fcnter Ott &#8211; Ihre Geb\u00e4udereinigung e.K. \u00fcbernimmt jedoch keine Gew\u00e4hr f\u00fcr die Aktualit\u00e4t und Vollst\u00e4ndigkeit der bereitgestellten Informationen. Die G\u00fcnter Ott &#8211; Ihre Geb\u00e4udereinigung e.K. beh\u00e4lt sich ausdr\u00fccklich das Recht vor, Teile der Seite oder das gesamte Angebot ohne vorherige Ank\u00fcndigung zu ver\u00e4ndern, zu erg\u00e4nzen, zu l\u00f6schen oder die Ver\u00f6ffentlichung einzustellen.<br \/>\nTrotz sorgf\u00e4ltiger inhaltlicher Kontrolle \u00fcbernimmt die G\u00fcnter Ott &#8211; Ihre Geb\u00e4udereinigung e.K. keine Haftung f\u00fcr die Inhalte externer Links. F\u00fcr den Inhalt der verlinkten Seiten ist ausschlie\u00dflich deren Betreiber verantwortlich.<\/p>\n<h3><strong>Datenschutzerkl\u00e4rung<\/strong><\/h3>\n<p><strong>Nutzung und Weitergabe personenbezogener Daten<\/strong><\/p>\n<p>Soweit Sie uns personenbezogene Daten zur Verf\u00fcgung gestellt haben, verwenden wir diese nur zur Beantwortung Ihrer Anfragen, zur Abwicklung mit Ihnen geschlossener Vertr\u00e4ge und f\u00fcr die technische Administration.<\/p>\n<p>Die L\u00f6schung der gespeicherten personenbezogenen Daten erfolgt, wenn Sie Ihre Einwilligung zur Speicherung widerrufen, wenn ihre Kenntnis zur Erf\u00fcllung des mit der Speicherung verfolgten Zwecks nicht mehr erforderlich ist oder wenn ihre Speicherung aus sonstigen gesetzlichen Gr\u00fcnden unzul\u00e4ssig ist.<\/p>\n<p>Im Folgenden informieren wir Sie \u00fcber die Erhebung personenbezogener Daten bei Nutzung dieser Website. Personenbezogene Daten sind alle Daten, die auf Sie pers\u00f6nlich beziehbar sind, also z.B. Name, Adresse, E-Mail-Adressen, Nutzerverhalten.<\/p>\n<h6><strong>1. Verantwortlicher Ansprechpartner<\/strong><\/h6>\n<p>Verantwortlicher gem. Art. 4 Abs. 7 EU-Datenschutz-Grundverordnung (DS-GVO) ist das Unternehmen G\u00dcNTER OTT, Ihre Geb\u00e4udereinigung e. K., Berg\u00e4ckerstra\u00dfe 34, 72160 Horb-Talheim.<\/p>\n<p>Bei Fragen zum Datenschutz erreichen Sie uns unter E-Mail: kontakt@guenter-ott.de<br \/>\noder per Post: G\u00dcNTER OTT, Ihre Geb\u00e4udereinigung e. K., Berg\u00e4ckerstra\u00dfe 34, 72160 Horb-Talheim<\/p>\n<p>Der <strong>Datenschutzbeauftragte<\/strong> des f\u00fcr die Verarbeitung Verantwortlichen ist:<\/p>\n<p>PROXI. GMBH | Karl-Heinz Martin\u00e9<\/p>\n<p>Worringer Stra\u00dfe 25<\/p>\n<p>50668 K\u00f6ln<\/p>\n<p>Deutschland<\/p>\n<p>E-Mail: datenschutzbeauftragter@proxi.de<\/p>\n<p>Website: <a href=\"http:\/\/www.proxi.de\">www.proxi.de<\/a><\/p>\n<p>Jede betroffene Person kann sich jederzeit bei allen Fragen und Anregungen zum Datenschutz direkt an unseren Datenschutzbeauftragten wenden.<\/p>\n<h6><strong style=\"font-size: 14px;\">2. Ihre Rechte bei Nutzung der Website<\/strong><\/h6>\n<p>Sie haben:<br \/>\n\u2013 gem. Art. 15 DS-GVO das Recht Auskunft \u00fcber Ihre bei uns gespeicherten Daten zu erhalten, die im Rahmen Ihres Besuchs der Website erhoben werden.<br \/>\n\u2013 gem. Art. 16 DS-GVO das Recht auf Berichtigung unrichtiger oder Vervollst\u00e4ndigung Ihrer bei uns gespeicherten personenbezogenen Daten zu verlangen.<br \/>\n\u2013 gem\u00e4\u00df Art. 17 DS-GVO das Recht die L\u00f6schung Ihrer bei uns gespeicherten personenbezogenen Daten zu verlangen, soweit nicht die Verarbeitung zur Erf\u00fcllung einer rechtlichen Verpflichtung, oder zur Geltendmachung, Aus\u00fcbung oder Verteidigung von Rechtsanspr\u00fcchen erforderlich ist;<br \/>\n\u2013 gem. Art. 7 Abs. 3 DS-GVO das Recht Ihre einmal erteilte Einwilligung zur Verarbeitung jederzeit gegen\u00fcber uns zu widerrufen. Dies hat zur Folge, dass wir die Datenverarbeitung, die auf dieser Einwilligung beruhte, f\u00fcr die Zukunft nicht mehr fortf\u00fchren d\u00fcrfen. Die Rechtm\u00e4\u00dfigkeit der aufgrund der Einwilligung erfolgten Verarbeitung bis zum Widerruf durch den Betroffenen bleibt unber\u00fchrt.<br \/>\n\u2013 gem\u00e4\u00df Art. 20 DSGVO Ihre personenbezogenen Daten, die Sie uns bereitgestellt haben, in einem strukturierten, g\u00e4ngigen und maschinenlesebaren Format zu erhalten oder die \u00dcbermittlung an einen anderen Verantwortlichen zu verlangen;<br \/>\n\u2013 gem. Art. 77 DS-GVO das Recht sich bei der zust\u00e4ndigen Datenschutzaufsichtsbeh\u00f6rde zu beschweren, wenn Sie der Annahme sind, dass Sie durch die Verarbeitung der personenbezogenen Daten, die im Rahmen Ihres Besuchs unserer Website erhoben werden in Ihrem Recht auf informationelle Selbstbestimmung verletzt worden sind.<br \/>\n\u2013 sofern Ihre personenbezogenen Daten auf Grundlage von berechtigten Interessen gem\u00e4\u00df Art. 6 Abs. 1 S. 1 lit. f DSGVO verarbeitet werden, haben das Recht, gem\u00e4\u00df Art. 21 DSGVO Widerspruch gegen die Verarbeitung Ihrer personenbezogenen Daten einzulegen, soweit daf\u00fcr Gr\u00fcnde vorliegen, die sich aus Ihrer besonderen Situation ergeben oder sich der Widerspruch gegen Direktwerbung richtet. Im letzteren Fall haben Sie ein generelles Widerspruchsrecht, das ohne Angabe einer besonderen Situation von uns umgesetzt wird.<\/p>\n<h6><strong>3. Datensicherheit<\/strong><\/h6>\n<p>Wir unterhalten aktuelle technische Ma\u00dfnahmen zur Gew\u00e4hrleistung der Datensicherheit, insbesondere zum Schutz Ihrer personenbezogenen Daten vor Gefahren bei Daten\u00fcbertragungen sowie vor Kenntniserlangung durch Dritte. Diese werden dem aktuellen Stand der Technik entsprechend jeweils angepasst.<\/p>\n<h6><strong>4. Verarbeitung von personenbezogenen Daten<\/strong><\/h6>\n<h6><strong>4.1 Erhebung von personenbezogener Daten bei Besuch unser Website<\/strong><\/h6>\n<ol start=\"4\">\n<li>Bei der blo\u00df informatorischen Nutzung der Website, also wenn Sie sich nicht registrieren oder uns anderweitig Informationen \u00fcbermitteln, erheben wir nur die personenbezogenen Daten, die Ihr Browser an unseren Server \u00fcbermittelt. Wenn Sie unsere Website betrachten m\u00f6chten, erheben wir die folgenden Daten, die f\u00fcr uns technisch erforderlich sind, um Ihnen unsere Website anzuzeigen und die Stabilit\u00e4t und Sicherheit zu gew\u00e4hrleisten (Rechtsgrundlage ist Art. 6 Abs. 1 S. 1 lit. f DS-GVO)<br \/>\n\u2013 IP-Adresse<br \/>\n\u2013 Datum und Uhrzeit der Anfrage<br \/>\n\u2013 Zeitzonendifferenz zur Greenwich Mean Time (GMT)<br \/>\n\u2013 Inhalt der Anforderung (konkrete Seite)<br \/>\n\u2013 Zugriffsstatus\/HTTP-Statuscode<br \/>\n\u2013 jeweils \u00fcbertragene Datenmenge<br \/>\n\u2013 Website, von der die Anforderung kommt<br \/>\n\u2013 Browser<br \/>\n\u2013 Betriebssystem und dessen Oberfl\u00e4che<br \/>\n\u2013 Sprache und Version der Browsersoftware.<\/li>\n<\/ol>\n<h6><strong>4.2 Weitere Funktionen und Angebote unserer Website<\/strong><\/h6>\n<p><u>Kontaktm\u00f6glichkeit \u00fcber die Internetseite oder \u00fcber E-Mail<\/u><\/p>\n<p>Die Internetseite der Firma G\u00fcnter Ott enth\u00e4lt aufgrund von gesetzlichen Vorschriften Angaben, die eine schnelle elektronische Kontaktaufnahme zu unserem Unternehmen sowie eine unmittelbare Kommunikation mit uns erm\u00f6glichen, was ebenfalls eine allgemeine Adresse der sogenannten elektronischen Post (E-Mail-Adresse) umfasst. Sofern eine betroffene Person per E-Mail oder \u00fcber ein Kontaktformular den Kontakt mit dem f\u00fcr die Verarbeitung Verantwortlichen aufnimmt, werden die von der betroffenen Person \u00fcbermittelten personenbezogenen Daten automatisch gespeichert. Solche auf freiwilliger Basis von einer betroffenen Person an den f\u00fcr die Verarbeitung Verantwortlichen \u00fcbermittelten personenbezogenen Daten werden f\u00fcr Zwecke der Bearbeitung oder der Kontaktaufnahme zur betroffenen Person gespeichert. Es erfolgt keine Weitergabe dieser personenbezogenen Daten an Dritte.<\/p>\n<p>Bei Fragen jeglicher Art bieten wir Ihnen die M\u00f6glichkeit, mit uns \u00fcber die auf der Website angegebene E-Mailadresse Kontakt aufzunehmen. Ihre Angaben werden zur Beantwortung Ihrer Anfrage verarbeitet. Die Datenverarbeitung zum Zwecke der Kontaktaufnahme mit uns erfolgt nach Art. 6 Abs. 1 S. 1 lit. a DSGVO auf Grundlage Ihrer freiwillig erteilten Einwilligung.<\/p>\n<h6><strong> Social Media<\/strong><\/h6>\n<p>Wir verwenden auf den Seiten unserer Website Icons des sozialen Netzwerks \u201eFacebook\u201c und \u201eInstagram\u201c. Dieser Dienst wird von den Unternehmen Facebook bzw Instagram angeboten.<br \/>\nUm den Schutz Ihrer Daten beim Besuch unserer Website zu erh\u00f6hen, handelt es sich bei der Weiterleitung um einen statischen Link. Dadurch wird verhindert, dass Ihre Daten bereits beim Besuch unserer Website an die sozialen Netzwerke geschickt werden. Ein Kontakt zwischen Ihnen und dem sozialen Netzwerk wird erst hergestellt, wenn Sie aktiv auf den Button klicken.<\/p>\n<p><strong><em>Verwendung von Facebook Social Plugins<\/em><\/strong><\/p>\n<p>Wir nutzen auf Grundlage unserer berechtigten Interessen (d.h. Interesse an der Analyse, Optimierung und wirtschaftlichem Betrieb unseres Onlineangebotes im Sinne des Art.\u00a0<u><a href=\"https:\/\/dejure.org\/gesetze\/DSGVO\/6.html\">6<\/a><\/u>\u00a0Abs. 1 lit. f. DSGVO) Social Plugins (\u201ePlugins\u201c) des sozialen Netzwerkes facebook.com, welches von der Facebook Ireland Ltd., 4 Grand Canal Square, Grand Canal Harbour, Dublin 2, Irland betrieben wird (\u201eFacebook\u201c). Die Plugins k\u00f6nnen Interaktionselemente oder Inhalte (z.B. Videos, Grafiken oder Textbeitr\u00e4ge) darstellen und sind an einem der Facebook Logos erkennbar (wei\u00dfes \u201ef\u201c auf blauer Kachel, den Begriffen \u201eLike\u201c, \u201eGef\u00e4llt mir\u201c oder einem \u201eDaumen hoch\u201c-Zeichen) oder sind mit dem Zusatz \u201eFacebook Social Plugin\u201c gekennzeichnet. Die Liste und das Aussehen der Facebook Social Plugins kann hier eingesehen werden:\u00a0<u><a href=\"https:\/\/developers.facebook.com\/docs\/plugins\/\">https:\/\/developers.facebook.com\/docs\/plugins\/<\/a><\/u>.<\/p>\n<p>Facebook ist unter dem Privacy-Shield-Abkommen zertifiziert und bietet hierdurch eine Garantie, das europ\u00e4ische Datenschutzrecht einzuhalten<\/p>\n<p>(<u><a href=\"https:\/\/www.privacyshield.gov\/participant?id=a2zt0000000GnywAAC&amp;status=Active\">https:\/\/www.privacyshield.gov\/participant?id=a2zt0000000GnywAAC&amp;status=Active<\/a><\/u>).<\/p>\n<p>Wenn ein Nutzer eine Funktion dieses Onlineangebotes aufruft, die ein solches Plugin enth\u00e4lt, baut sein Ger\u00e4t eine direkte Verbindung mit den Servern von Facebook auf. Der Inhalt des Plugins wird von Facebook direkt an das Ger\u00e4t des Nutzers \u00fcbermittelt und von diesem in das Onlineangebot eingebunden. Dabei k\u00f6nnen aus den verarbeiteten Daten Nutzungsprofile der Nutzer erstellt werden. Wir haben daher keinen Einfluss auf den Umfang der Daten, die Facebook mit Hilfe dieses Plugins erhebt und informiert die Nutzer daher entsprechend unserem Kenntnisstand.<\/p>\n<p>Durch die Einbindung der Plugins erh\u00e4lt Facebook die Information, dass ein Nutzer die entsprechende Seite des Onlineangebotes aufgerufen hat. Ist der Nutzer bei Facebook eingeloggt, kann Facebook den Besuch seinem Facebook-Konto zuordnen. Wenn Nutzer mit den Plugins interagieren, zum Beispiel den Like Button bet\u00e4tigen oder einen Kommentar abgeben, wird die entsprechende Information von Ihrem Ger\u00e4t direkt an Facebook \u00fcbermittelt und dort gespeichert. Falls ein Nutzer kein Mitglied von Facebook ist, besteht trotzdem die M\u00f6glichkeit, dass Facebook seine IP-Adresse in Erfahrung bringt und speichert. Laut Facebook wird in Deutschland nur eine anonymisierte IP-Adresse gespeichert.<\/p>\n<p>Zweck und Umfang der Datenerhebung und die weitere Verarbeitung und Nutzung der Daten durch Facebook sowie die diesbez\u00fcglichen Rechte und Einstellungsm\u00f6glichkeiten zum Schutz der Privatsph\u00e4re der Nutzer, k\u00f6nnen diese den Datenschutzhinweisen von Facebook entnehmen:\u00a0<u><a href=\"https:\/\/www.facebook.com\/about\/privacy\/\">https:\/\/www.facebook.com\/about\/privacy\/<\/a><\/u>.<\/p>\n<p>Wenn ein Nutzer Facebookmitglied ist und nicht m\u00f6chte, dass Facebook \u00fcber dieses Onlineangebot Daten \u00fcber ihn sammelt und mit seinen bei Facebook gespeicherten Mitgliedsdaten verkn\u00fcpft, muss er sich vor der Nutzung unseres Onlineangebotes bei Facebook ausloggen und seine Cookies l\u00f6schen. Weitere Einstellungen und Widerspr\u00fcche zur Nutzung von Daten f\u00fcr Werbezwecke, sind innerhalb der Facebook-Profileinstellungen m\u00f6glich:\u00a0<u><a href=\"https:\/\/www.facebook.com\/settings?tab=ads\">https:\/\/www.facebook.com\/settings?tab=ads<\/a><\/u>\u00a0\u00a0oder \u00fcber die US-amerikanische Seite\u00a0<u><a href=\"http:\/\/www.aboutads.info\/choices\/\">http:\/\/www.aboutads.info\/choices\/<\/a><\/u>\u00a0\u00a0oder die EU-Seite\u00a0<u><a href=\"http:\/\/www.youronlinechoices.com\/\">http:\/\/www.youronlinechoices.com\/<\/a><\/u>. Die Einstellungen erfolgen plattformunabh\u00e4ngig, d.h. sie werden f\u00fcr alle Ger\u00e4te, wie Desktopcomputer oder mobile Ger\u00e4te \u00fcbernommen.<\/p>\n<h6><strong>Instagram<\/strong><\/h6>\n<p>Innerhalb unseres Onlineangebotes k\u00f6nnen Funktionen und Inhalte des Dienstes Instagram eingebunden, angeboten durch die Instagram Inc., 1601 Willow Road, Menlo Park, CA, 94025, USA. Hierzu k\u00f6nnen z.B. Inhalte wie Bilder, Videos oder Texte und Schaltfl\u00e4chen geh\u00f6ren, mit denen Nutzer ihr Gefallen betreffend die Inhalte kundtun, den Verfassern der Inhalte oder unsere Beitr\u00e4ge abonnieren k\u00f6nnen. Sofern die Nutzer Mitglieder der Plattform Instagram sind, kann Instagram den Aufruf der o.g. Inhalte und Funktionen den dortigen Profilen der Nutzer zuordnen. Datenschutzerkl\u00e4rung von Instagram:\u00a0<u><a href=\"http:\/\/instagram.com\/about\/legal\/privacy\/\">http:\/\/instagram.com\/about\/legal\/privacy\/<\/a><\/u>.<\/p>\n<h6><strong> Tik Tok<\/strong><\/h6>\n<p><u>Beschreibung und Umfang der Datenverarbeitung<\/u><\/p>\n<p>Die Social-Media-Anwendung TikTok ist ein internationales Videoportal. Es dient der sogenannten Lippensynchronisation von Musikvideos und anderen kurzen Videoclips.<\/p>\n<p>Betrieben wird TikTok von dem chinesischen Unternehmen ByteDance.<\/p>\n<p>Die Datenschutzerkl\u00e4rung von TikTok bildet die Grundlage, auf der TikTok alle Daten verarbeitet, die von TikTok bei den Nutzern erhoben werden oder von den Nutzern bereitgestellt werden. Verantwortlich f\u00fcr die Verarbeitung personenbezogener Daten ist laut Datenschutzerkl\u00e4rung die TikTok Technology Limited (\u201eTikTok Irland\u201c), und die TikTok Information Technologies UK Limited (\u201eTikTok UK\u201c). In der Datenschutzerkl\u00e4rung ist meist verk\u00fcrzt von \u201eTikTok\u201c, \u201ewir\u201c oder \u201euns\u201c die Rede.<\/p>\n<p>Sofern Sie eine Werbeeinwilligung erteilt haben, wird TikTok Ihre Daten verwenden, um Ihnen personalisierte Werbung anzuzeigen.<\/p>\n<p><u>Rechtsgrundlage<\/u><\/p>\n<p>Die personalisierte Werbung, die Ihnen TikTok anzeigt, basiert auf Ihrer Einwilligung. Im \u00dcbrigen verarbeitet TiKTok die Daten der Nutzer auf Basis eines Vertrages (Art. 6 Abs. 1 Satz 1 Buchst. b DSGVO), in Folge einer Interessenabw\u00e4gung (Art. 6 Abs. 1 Satz 1 Buchst. f DSGVO) oder zur Erf\u00fcllung rechtlicher Verpflichtungen (Art. 6 Abs. 1 Satz 1 Buchst. c DSGVO). Einwilligungen k\u00f6nnen vom Nutzer widerrufen werden und der auf einer Interessenabw\u00e4gung basierenden Verarbeitung kann gem\u00e4\u00df Art. 21 DSGVO widersprochen werden. Details entnehmen Sie bitte der Datenschutzerkl\u00e4rung und den Nutzungsbedingungen von TikTok (Link s. unten).<\/p>\n<p><u>Zweck<\/u><\/p>\n<p>TikTok verarbeitet personenbezogene Daten f\u00fcr verschiedene Zwecke, unter anderem f\u00fcr die Bereitstellung seiner Dienste, um die Nutzer \u00fcber \u00c4nderungen der Dienste benachrichtigen zu k\u00f6nnen, um den Nutzern Support bieten zu k\u00f6nnen, um es den Nutzern zu erm\u00f6glichen, dass diese Nutzerinhalte mit anderen Nutzern teilen k\u00f6nnen, f\u00fcr die Entwicklung neuer Dienste oder zur Erf\u00fcllung rechtlicher Verpflichtungen.<\/p>\n<p>TikTok sammelt unter anderem folgende Daten \u00fcber seine Nutzer: Profildaten, Nutzerinhalte und Nutzungsdaten, Standortdaten, Informationen \u00fcber die jeweiligen Kontakte\/ Freunde.<\/p>\n<p>Weitere Informationen dar\u00fcber, wie Ihre Daten verwendet werden und welche Daten verarbeitet werden, entnehmen Sie bitte der Datenschutzerkl\u00e4rung und den Nutzungsbedingungen von TikTok (Link s. unten).<\/p>\n<p>Dauer der Speicherung<\/p>\n<p>TikTok bewahrt die Daten der Nutzer so lange auf, wie dies notwendig ist, um den Dienst den Nutzern zur Verf\u00fcgung zu stellen, um seine vertraglichen Verpflichtungen erf\u00fcllen zu k\u00f6nnen und um seine Rechte in Bezug auf die betreffenden Informationen aus\u00fcben zu k\u00f6nnen. Sollten die Informationen der Nutzer nicht ben\u00f6tigt werden, um die Dienstleistung zu erbringen, werden die Nutzerdaten durch TikTok nur so lange aufbewahrt, wie TikTok einen legitimen Gesch\u00e4ftszweck mit der Speicherung dieser Daten verfolgen kann.<\/p>\n<p>Wenn ein Nutzer bei TikTok um die L\u00f6schung seines Kontos bittet, wird dieses zun\u00e4chst f\u00fcr einige Wochen deaktiviert. Im Anschluss daran wird das Konto gel\u00f6scht. In diesem Zuge werden auch die personenbezogenen Daten der Nutzer bez\u00fcglich der In-App-Nachricht-Funktion gel\u00f6scht. Nachrichten, welche Sie an andere Nutzer des TikTok-Dienstes gesendet haben, bleiben auf deren Ger\u00e4ten gespeichert.<\/p>\n<p>In seiner Datenschutzerkl\u00e4rung (Link s. unten) weist TikTok zudem auf etwaige l\u00e4ngere L\u00f6schfristen bzw. Aufbewahrungsfristen hin.<\/p>\n<p><u>Widerruf, Widerspruch und Ende der Verarbeitung<\/u><\/p>\n<p>TikTok bietet seinen Nutzern die M\u00f6glichkeit, die eigenen Nutzerdaten (personenbezogene Daten) \u00fcber die Einstellungsm\u00f6glichkeiten zu kontrollieren und zu verwalten. TikTok bietet seinen Nutzern zudem automatisierte Auskunftsdienste an, mit denen Sie Auskunft dar\u00fcber erhalten, wie Ihre Daten verarbeitet werden. Im Rahmen der gesetzlichen Vorgaben, haben Sie ferner Anspruch auf L\u00f6schung und Berichtigung der Daten und k\u00f6nnen der Verwendung Ihrer Daten widersprechen oder die Verwendung einschr\u00e4nken lassen sowie die von Ihnen erkl\u00e4rten Einwilligungen jederzeit widerrufen.<\/p>\n<p>Erg\u00e4nzender Hinweis<\/p>\n<p>Bitte beachten Sie, dass sich die Nutzungsbedingungen und die Datenschutzerkl\u00e4rung von TikTok jederzeit \u00e4ndern k\u00f6nnen. Bitte erkundigen Sie sich deshalb in regelm\u00e4\u00dfigen Abst\u00e4nden \u00fcber die Aktualit\u00e4t dieser Texte. Die DSV-Gruppe \u00fcbernimmt keine Gew\u00e4hr f\u00fcr Aktualit\u00e4t, Richtigkeit oder Vollst\u00e4ndigkeit der genannten Informationen, welche sich auf die Nutzungsbestimmungen und Datenschutzerkl\u00e4rung von TikTok beziehen. Unsere vorliegenden Datenschutzhinweise dienen der nach den Artikeln 12 ff. DSGVO erforderlichen Information in dem Umfang, in welchem die Unternehmen der DSV-Gruppe Dienste von TikTok durch Einbettung von Videos in einen unserer Webauftritte in Anspruch nimmt oder TikTok durch unsere Mitarbeiter f\u00fcr Kunden genutzt wird.<\/p>\n<p><strong>Nutzungsbedingungen-TikTok:<\/strong><br \/>\n<u><a href=\"https:\/\/www.tiktok.com\/legal\/terms-of-use?lang=de\">https:\/\/www.tiktok.com\/legal\/terms-of-use?lang=de<\/a><\/u><\/p>\n<p><strong>Datenschutzerkl\u00e4rung:<\/strong><br \/>\n<u><a href=\"https:\/\/www.tiktok.com\/legal\/privacy-policy?lang=de#section-1\">https:\/\/www.tiktok.com\/legal\/privacy-policy?lang=de#section-1<\/a><\/u><\/p>\n<p><strong>Fragen zur Datenschutzerkl\u00e4rung von TikTok:<\/strong><br \/>\nF\u00fcr Nutzer, die Fragen zur Datenschutzerkl\u00e4rung von TikTok haben oder den Datenschutzbeauftragten von TikTok kontaktieren m\u00f6chten, stellt TikTok ein Kontaktformular bereit, welches \u00fcber die Datenschutzerkl\u00e4rung verlinkt ist.<\/p>\n<h6><strong>Datenschutz bei Bewerbungen und im Bewerbungsverfahren<\/strong><\/h6>\n<p>Wir verarbeiten die Daten, die Sie im Bewerbungsprozess angeben. Dazu geh\u00f6ren Ihr Name, Adresse, Telefon- und Mobilnummern, E-Mail Adressen und die personenbezogenen Daten, die sich aus Ihren Bewerbungsunterlagen ergeben.<\/p>\n<p>Der f\u00fcr die Verarbeitung Verantwortliche erhebt und verarbeitet die personenbezogenen Daten von Bewerbern zum Zwecke der Abwicklung des Bewerbungsverfahrens. Die Verarbeitung kann auch auf elektronischem Wege erfolgen. Dies ist insbesondere dann der Fall, wenn ein Bewerber entsprechende Bewerbungsunterlagen auf dem elektronischen Wege, beispielsweise per E-Mail oder \u00fcber ein auf der Internetseite befindliches Webformular, an den f\u00fcr die Verarbeitung Verantwortlichen \u00fcbermittelt. Schlie\u00dft der f\u00fcr die Verarbeitung Verantwortliche einen Anstellungsvertrag mit einem Bewerber, werden die \u00fcbermittelten Daten zum Zwecke der Abwicklung des Besch\u00e4ftigungsverh\u00e4ltnisses unter Beachtung der gesetzlichen Vorschriften gespeichert. Wird von dem f\u00fcr die Verarbeitung Verantwortlichen kein Anstellungsvertrag mit dem Bewerber geschlossen, so werden die Bewerbungsunterlagen zwei Monate nach Bekanntgabe der Absageentscheidung automatisch gel\u00f6scht, sofern einer L\u00f6schung keine sonstigen berechtigten Interessen des f\u00fcr die Verarbeitung Verantwortlichen entgegenstehen. Sonstiges berechtigtes Interesse in diesem Sinne ist beispielsweise eine Beweispflicht in einem Verfahren nach dem Allgemeinen Gleichbehandlungsgesetz (AGG).<\/p>\n<h6><strong> A<\/strong><strong>utomatisierte Entscheidungsfindung<\/strong><\/h6>\n<p>Als verantwortungsbewusstes Unternehmen verzichten wir auf eine automatische Entscheidungsfindung oder ein Profiling.<\/p>\n<h3><\/h3>\n<h3>Websdesign<\/h3>\n<p>Andrea Lorenz: <a href=\"http:\/\/www.highpeak.de\" target=\"_blank\" rel=\"noopener\">www.highpeak.de<\/a><\/p>\n<\/div><\/section><\/div>\n","protected":false},"excerpt":{"rendered":"","protected":false},"author":1,"featured_media":0,"parent":0,"menu_order":0,"comment_status":"closed","ping_status":"closed","template":"","meta":{"footnotes":""},"class_list":["post-31","page","type-page","status-publish","hentry"],"_links":{"self":[{"href":"https:\/\/guenter-ott.de\/index.php\/wp-json\/wp\/v2\/pages\/31","targetHints":{"allow":["GET"]}}],"collection":[{"href":"https:\/\/guenter-ott.de\/index.php\/wp-json\/wp\/v2\/pages"}],"about":[{"href":"https:\/\/guenter-ott.de\/index.php\/wp-json\/wp\/v2\/types\/page"}],"author":[{"embeddable":true,"href":"https:\/\/guenter-ott.de\/index.php\/wp-json\/wp\/v2\/users\/1"}],"replies":[{"embeddable":true,"href":"https:\/\/guenter-ott.de\/index.php\/wp-json\/wp\/v2\/comments?post=31"}],"version-history":[{"count":9,"href":"https:\/\/guenter-ott.de\/index.php\/wp-json\/wp\/v2\/pages\/31\/revisions"}],"predecessor-version":[{"id":496,"href":"https:\/\/guenter-ott.de\/index.php\/wp-json\/wp\/v2\/pages\/31\/revisions\/496"}],"wp:attachment":[{"href":"https:\/\/guenter-ott.de\/index.php\/wp-json\/wp\/v2\/media?parent=31"}],"curies":[{"name":"wp","href":"https:\/\/api.w.org\/{rel}","templated":true}]}}